{"id":472,"date":"2019-04-24T09:28:39","date_gmt":"2019-04-24T09:28:39","guid":{"rendered":"https:\/\/www.novagoricaart.si\/osebnost\/jela-vilfan\/"},"modified":"2019-04-25T09:16:53","modified_gmt":"2019-04-25T09:16:53","slug":"jela-vilfan","status":"publish","type":"osebnost","link":"https:\/\/www.novagoricaart.si\/en\/osebnost\/jela-vilfan\/","title":{"rendered":"Jela Vilfan"},"content":{"rendered":"<p>Po srednje\u0161olskem \u0161olanju v Trstu in Ljubljani se je 1925 vpisala na \u017eensko akademijo za prosto in uporabno umetnost na Dunaju (Frauenakademie f\u00fcr freie und angewandte Kunst) in ob \u0161tudiju v ateljeju Eilfriede Berbalk opravila vajeni\u0161tvo za tol\u010dene zlate in srebrne predmete. Po treh letih je \u0161olanje nadaljevala na dunajski umetno obrtni \u0161oli (Kunstgewerbeschule des \u00f6sterreichieshen Museums f\u00fcr Kunst und Industrie) in leta 1934 diplomirala pri prof. Josefu Hoffmannu. Za izredne \u0161tudijske uspehe je prejela nagrado Ludwiga Lobmeyrja za tisto leto. \u0160olanje je nadgradila z absolventskim te\u010dajem zgodovinskih kostumov (1933\/34) in s specialko za na\u010drtovanje in tehni\u010dno izdelavo pri Hoffmannu, ki jo je zaklju\u010dila 1936. Leta 1938 je od\u0161la v Berlin, kjer je bila 1939 hospitantka na dr\u017eavni tekstilni modni \u0161oli in delala v Deutsches Mode-Institut. Po vrnitvi v Jugoslavijo 1940 je v Beogradu na\u010drtovala vzorce za tovarno svile v Novem Sadu, leta 1941 pa je zaradi vojne obti\u010dala v Ljubljani in se 1942 zaposlila kot kostumografinja v Dr\u017eavnem gledali\u0161\u010du. Ta poklic je po vojni opravljala \u0161e naprej, sprva v SNG v Ljubljani (do 1946), nato v SNG Maribor (1947\u20131955) in nazadnje v gledali\u0161\u010du Ivana Zajca na Reki (1955\u20131957), kjer se je upokojila.<br \/>\nPred vojno je sodelovala na \u0161tevilnih razstavah v tujini: leta 1933 je prejela prvo nagrado na mednarodni modni razstavi na Dunaju, mdr. je razstavljala v avstrijskem paviljonu na Triennalu v Milanu 1936, kjer je njeno kaseto za cigare odkupil italijanski kralj, v avstrijskem paviljonu na svetovni razstavi v Parizu 1937 in ve\u010dkrat v \u00d6sterreichieshe Museum f\u00fcr Kunst und Industrie (MAK).<\/p>\n","protected":false},"featured_media":417,"template":"","meta":{"_acf_changed":false},"class_list":["post-472","osebnost","type-osebnost","status-publish","has-post-thumbnail","hentry"],"acf":[],"yoast_head":"<!-- This site is optimized with the Yoast SEO plugin v27.5 - https:\/\/yoast.com\/product\/yoast-seo-wordpress\/ -->\n<title>Jela Vilfan - Modmapng<\/title>\n<link rel=\"canonical\" href=\"https:\/\/www.novagoricaart.si\/en\/osebnost\/jela-vilfan\/\" \/>\n<meta property=\"og:locale\" content=\"en_US\" \/>\n<meta property=\"og:type\" content=\"article\" \/>\n<meta property=\"og:title\" content=\"Jela Vilfan - Modmapng\" \/>\n<meta property=\"og:description\" content=\"Po srednje\u0161olskem \u0161olanju v Trstu in Ljubljani se je 1925 vpisala na \u017eensko akademijo za prosto in uporabno umetnost na Dunaju (Frauenakademie f\u00fcr freie und angewandte Kunst) in ob \u0161tudiju v ateljeju Eilfriede Berbalk opravila vajeni\u0161tvo za tol\u010dene zlate in srebrne predmete. Po treh letih je \u0161olanje nadaljevala na dunajski umetno obrtni \u0161oli (Kunstgewerbeschule des...\" \/>\n<meta property=\"og:url\" content=\"https:\/\/www.novagoricaart.si\/en\/osebnost\/jela-vilfan\/\" \/>\n<meta property=\"og:site_name\" content=\"Modmapng\" \/>\n<meta property=\"article:modified_time\" content=\"2019-04-25T09:16:53+00:00\" \/>\n<meta property=\"og:image\" content=\"https:\/\/www.novagoricaart.si\/wp-content\/uploads\/2019\/04\/jela-vilfan.jpg\" \/>\n\t<meta property=\"og:image:width\" content=\"1433\" \/>\n\t<meta property=\"og:image:height\" content=\"2300\" \/>\n\t<meta property=\"og:image:type\" content=\"image\/jpeg\" \/>\n<meta name=\"twitter:card\" content=\"summary_large_image\" \/>\n<meta name=\"twitter:label1\" content=\"Est. reading time\" \/>\n\t<meta name=\"twitter:data1\" content=\"1 minute\" \/>\n<script type=\"application\/ld+json\" class=\"yoast-schema-graph\">{\"@context\":\"https:\\\/\\\/schema.org\",\"@graph\":[{\"@type\":\"WebPage\",\"@id\":\"https:\\\/\\\/www.novagoricaart.si\\\/en\\\/osebnost\\\/jela-vilfan\\\/\",\"url\":\"https:\\\/\\\/www.novagoricaart.si\\\/en\\\/osebnost\\\/jela-vilfan\\\/\",\"name\":\"Jela Vilfan - Modmapng\",\"isPartOf\":{\"@id\":\"https:\\\/\\\/www.novagoricaart.si\\\/#website\"},\"primaryImageOfPage\":{\"@id\":\"https:\\\/\\\/www.novagoricaart.si\\\/en\\\/osebnost\\\/jela-vilfan\\\/#primaryimage\"},\"image\":{\"@id\":\"https:\\\/\\\/www.novagoricaart.si\\\/en\\\/osebnost\\\/jela-vilfan\\\/#primaryimage\"},\"thumbnailUrl\":\"https:\\\/\\\/www.novagoricaart.si\\\/wp-content\\\/uploads\\\/2019\\\/04\\\/jela-vilfan.jpg\",\"datePublished\":\"2019-04-24T09:28:39+00:00\",\"dateModified\":\"2019-04-25T09:16:53+00:00\",\"breadcrumb\":{\"@id\":\"https:\\\/\\\/www.novagoricaart.si\\\/en\\\/osebnost\\\/jela-vilfan\\\/#breadcrumb\"},\"inLanguage\":\"en-US\",\"potentialAction\":[{\"@type\":\"ReadAction\",\"target\":[\"https:\\\/\\\/www.novagoricaart.si\\\/en\\\/osebnost\\\/jela-vilfan\\\/\"]}]},{\"@type\":\"ImageObject\",\"inLanguage\":\"en-US\",\"@id\":\"https:\\\/\\\/www.novagoricaart.si\\\/en\\\/osebnost\\\/jela-vilfan\\\/#primaryimage\",\"url\":\"https:\\\/\\\/www.novagoricaart.si\\\/wp-content\\\/uploads\\\/2019\\\/04\\\/jela-vilfan.jpg\",\"contentUrl\":\"https:\\\/\\\/www.novagoricaart.si\\\/wp-content\\\/uploads\\\/2019\\\/04\\\/jela-vilfan.jpg\",\"width\":1433,\"height\":2300},{\"@type\":\"BreadcrumbList\",\"@id\":\"https:\\\/\\\/www.novagoricaart.si\\\/en\\\/osebnost\\\/jela-vilfan\\\/#breadcrumb\",\"itemListElement\":[{\"@type\":\"ListItem\",\"position\":1,\"name\":\"Home\",\"item\":\"https:\\\/\\\/www.novagoricaart.si\\\/en\\\/\"},{\"@type\":\"ListItem\",\"position\":2,\"name\":\"Jela Vilfan\"}]},{\"@type\":\"WebSite\",\"@id\":\"https:\\\/\\\/www.novagoricaart.si\\\/#website\",\"url\":\"https:\\\/\\\/www.novagoricaart.si\\\/\",\"name\":\"Modmapng\",\"description\":\"Mapiranje modernisti\u010dne Nove Gorice\",\"publisher\":{\"@id\":\"https:\\\/\\\/www.novagoricaart.si\\\/#organization\"},\"alternateName\":\"Nova Gorica Art\",\"potentialAction\":[{\"@type\":\"SearchAction\",\"target\":{\"@type\":\"EntryPoint\",\"urlTemplate\":\"https:\\\/\\\/www.novagoricaart.si\\\/?s={search_term_string}\"},\"query-input\":{\"@type\":\"PropertyValueSpecification\",\"valueRequired\":true,\"valueName\":\"search_term_string\"}}],\"inLanguage\":\"en-US\"},{\"@type\":\"Organization\",\"@id\":\"https:\\\/\\\/www.novagoricaart.si\\\/#organization\",\"name\":\"Modmapng\",\"alternateName\":\"Nova Gorica Art\",\"url\":\"https:\\\/\\\/www.novagoricaart.si\\\/\",\"logo\":{\"@type\":\"ImageObject\",\"inLanguage\":\"en-US\",\"@id\":\"https:\\\/\\\/www.novagoricaart.si\\\/#\\\/schema\\\/logo\\\/image\\\/\",\"url\":\"https:\\\/\\\/www.novagoricaart.si\\\/wp-content\\\/uploads\\\/2019\\\/04\\\/icon.png\",\"contentUrl\":\"https:\\\/\\\/www.novagoricaart.si\\\/wp-content\\\/uploads\\\/2019\\\/04\\\/icon.png\",\"width\":1220,\"height\":170,\"caption\":\"Modmapng\"},\"image\":{\"@id\":\"https:\\\/\\\/www.novagoricaart.si\\\/#\\\/schema\\\/logo\\\/image\\\/\"}}]}<\/script>\n<!-- \/ Yoast SEO plugin. -->","yoast_head_json":{"title":"Jela Vilfan - Modmapng","canonical":"https:\/\/www.novagoricaart.si\/en\/osebnost\/jela-vilfan\/","og_locale":"en_US","og_type":"article","og_title":"Jela Vilfan - Modmapng","og_description":"Po srednje\u0161olskem \u0161olanju v Trstu in Ljubljani se je 1925 vpisala na \u017eensko akademijo za prosto in uporabno umetnost na Dunaju (Frauenakademie f\u00fcr freie und angewandte Kunst) in ob \u0161tudiju v ateljeju Eilfriede Berbalk opravila vajeni\u0161tvo za tol\u010dene zlate in srebrne predmete. Po treh letih je \u0161olanje nadaljevala na dunajski umetno obrtni \u0161oli (Kunstgewerbeschule des...","og_url":"https:\/\/www.novagoricaart.si\/en\/osebnost\/jela-vilfan\/","og_site_name":"Modmapng","article_modified_time":"2019-04-25T09:16:53+00:00","og_image":[{"width":1433,"height":2300,"url":"https:\/\/www.novagoricaart.si\/wp-content\/uploads\/2019\/04\/jela-vilfan.jpg","type":"image\/jpeg"}],"twitter_card":"summary_large_image","twitter_misc":{"Est. reading time":"1 minute"},"schema":{"@context":"https:\/\/schema.org","@graph":[{"@type":"WebPage","@id":"https:\/\/www.novagoricaart.si\/en\/osebnost\/jela-vilfan\/","url":"https:\/\/www.novagoricaart.si\/en\/osebnost\/jela-vilfan\/","name":"Jela Vilfan - Modmapng","isPartOf":{"@id":"https:\/\/www.novagoricaart.si\/#website"},"primaryImageOfPage":{"@id":"https:\/\/www.novagoricaart.si\/en\/osebnost\/jela-vilfan\/#primaryimage"},"image":{"@id":"https:\/\/www.novagoricaart.si\/en\/osebnost\/jela-vilfan\/#primaryimage"},"thumbnailUrl":"https:\/\/www.novagoricaart.si\/wp-content\/uploads\/2019\/04\/jela-vilfan.jpg","datePublished":"2019-04-24T09:28:39+00:00","dateModified":"2019-04-25T09:16:53+00:00","breadcrumb":{"@id":"https:\/\/www.novagoricaart.si\/en\/osebnost\/jela-vilfan\/#breadcrumb"},"inLanguage":"en-US","potentialAction":[{"@type":"ReadAction","target":["https:\/\/www.novagoricaart.si\/en\/osebnost\/jela-vilfan\/"]}]},{"@type":"ImageObject","inLanguage":"en-US","@id":"https:\/\/www.novagoricaart.si\/en\/osebnost\/jela-vilfan\/#primaryimage","url":"https:\/\/www.novagoricaart.si\/wp-content\/uploads\/2019\/04\/jela-vilfan.jpg","contentUrl":"https:\/\/www.novagoricaart.si\/wp-content\/uploads\/2019\/04\/jela-vilfan.jpg","width":1433,"height":2300},{"@type":"BreadcrumbList","@id":"https:\/\/www.novagoricaart.si\/en\/osebnost\/jela-vilfan\/#breadcrumb","itemListElement":[{"@type":"ListItem","position":1,"name":"Home","item":"https:\/\/www.novagoricaart.si\/en\/"},{"@type":"ListItem","position":2,"name":"Jela Vilfan"}]},{"@type":"WebSite","@id":"https:\/\/www.novagoricaart.si\/#website","url":"https:\/\/www.novagoricaart.si\/","name":"Modmapng","description":"Mapiranje modernisti\u010dne Nove Gorice","publisher":{"@id":"https:\/\/www.novagoricaart.si\/#organization"},"alternateName":"Nova Gorica Art","potentialAction":[{"@type":"SearchAction","target":{"@type":"EntryPoint","urlTemplate":"https:\/\/www.novagoricaart.si\/?s={search_term_string}"},"query-input":{"@type":"PropertyValueSpecification","valueRequired":true,"valueName":"search_term_string"}}],"inLanguage":"en-US"},{"@type":"Organization","@id":"https:\/\/www.novagoricaart.si\/#organization","name":"Modmapng","alternateName":"Nova Gorica Art","url":"https:\/\/www.novagoricaart.si\/","logo":{"@type":"ImageObject","inLanguage":"en-US","@id":"https:\/\/www.novagoricaart.si\/#\/schema\/logo\/image\/","url":"https:\/\/www.novagoricaart.si\/wp-content\/uploads\/2019\/04\/icon.png","contentUrl":"https:\/\/www.novagoricaart.si\/wp-content\/uploads\/2019\/04\/icon.png","width":1220,"height":170,"caption":"Modmapng"},"image":{"@id":"https:\/\/www.novagoricaart.si\/#\/schema\/logo\/image\/"}}]}},"_links":{"self":[{"href":"https:\/\/www.novagoricaart.si\/en\/wp-json\/wp\/v2\/osebnost\/472","targetHints":{"allow":["GET"]}}],"collection":[{"href":"https:\/\/www.novagoricaart.si\/en\/wp-json\/wp\/v2\/osebnost"}],"about":[{"href":"https:\/\/www.novagoricaart.si\/en\/wp-json\/wp\/v2\/types\/osebnost"}],"wp:featuredmedia":[{"embeddable":true,"href":"https:\/\/www.novagoricaart.si\/en\/wp-json\/wp\/v2\/media\/417"}],"wp:attachment":[{"href":"https:\/\/www.novagoricaart.si\/en\/wp-json\/wp\/v2\/media?parent=472"}],"curies":[{"name":"wp","href":"https:\/\/api.w.org\/{rel}","templated":true}]}}